{"id":8,"date":"2017-11-08T02:55:05","date_gmt":"2017-11-08T02:55:05","guid":{"rendered":"http:\/\/irenedelgado.com\/web\/?page_id=8"},"modified":"2017-11-13T10:49:14","modified_gmt":"2017-11-13T10:49:14","slug":"obras-de-arte","status":"publish","type":"page","link":"https:\/\/irenedelgado.com\/web\/obras-de-arte\/","title":{"rendered":"Obras de arte"},"content":{"rendered":"<h1 class=\"titulo-seccion\">Obras de Arte<\/h1>\n<p>Muchos han tratado de definir el t\u00e9rmino arte. Tanto arte como literatura se han prestado a muchas definiciones, inclusiones y exclusiones. Cuando en su arte po\u00e9tica, el poeta franc\u00e9s Paul Verlaine define la poes\u00eda lo hace rompiendo paradigmas. Acerca Verlaine la poes\u00eda a la m\u00fasica, la pintura, el color, las sugerencias; es decir todo lo que toca directamente la emoci\u00f3n. Y como concluye en su \u00faltimo verso, \u201ctodo el resto es literatura\u201d.<\/p>\n<p>Para m\u00ed el arte y la literatura tal como la entend\u00eda Verlaine es aquello que toca el alma, que responde a un momento privilegiado, que quiere transmitir una emoci\u00f3n a trav\u00e9s de analog\u00edas, color y forma.<\/p>\n<p>Desde esa definici\u00f3n, quiero presentar mi arte y mis obras escritas. De all\u00ed, de esa interrelaci\u00f3n nace mi inspiraci\u00f3n. En un principio hija de la palabra, pues soy primero escritora. Luego la pl\u00e1stica me permite expresar de otra manera mis impresiones y mi visi\u00f3n del mundo y de mi entorno.<\/p>\n<p>Mi producci\u00f3n pl\u00e1stica ha seguido muchos caminos, aquellos donde me llevaron las circunstancias: mis viajes por el mundo, mi caminar por comunidades campesinas e ind\u00edgenas de Panam\u00e1, mi curiosidad sobre la historia colonial de la ciudad de Panam\u00e1, algunos momentos de privada reflexi\u00f3n, entre otros.<\/p>\n<p style=\"text-align: right;\"><em>\u2013 Irene Delgado<\/em><\/p>\n<hr \/>\n<h2>Galeria<\/h2>\n<style type=\"text\/css\">.foogallery-album-gallery-list .foogallery-pile h3 { background: #fff !important; }.foogallery-album-gallery-list .foogallery-pile h3 { color: #000000 !important; }<\/style><div id=\"foogallery-album-84\">\n\t<ul class=\"foogallery-album-gallery-list alignment-left\">\n\t\t\t\t\t\t<li>\n\t\t\t\t\t<div class=\"foogallery-pile\">\n\t\t\t\t\t\t<div class=\"foogallery-pile-inner\">\n\t\t\t\t\t\t\t<a href=\"https:\/\/irenedelgado.com\/web\/obras-de-arte\/gallery\/casco-antiguo\" target=\"_self\">\n\t\t\t\t\t\t\t\t<img loading=\"lazy\" decoding=\"async\"  src=\"https:\/\/irenedelgado.com\/web\/wp-content\/uploads\/cache\/2017\/11\/1\/1706038861.jpg\" width=\"150\" height=\"150\" class=\"skip-lazy\" \/>\t\t\t\t\t\t\t\t\t\t\t\t\t\t\t\t<h3>Casco Antiguo\t\t\t\t\t\t\t\t\t<span>6 im\u00e1genes <\/span>\n\t\t\t\t\t\t\t\t<\/h3>\n\t\t\t\t\t\t\t<\/a>\n\t\t\t\t\t\t<\/div>\n\t\t\t\t\t<\/div>\n\t\t\t\t<\/li>\n\t\t\t\t\t\t\t\t\t<li>\n\t\t\t\t\t<div class=\"foogallery-pile\">\n\t\t\t\t\t\t<div class=\"foogallery-pile-inner\">\n\t\t\t\t\t\t\t<a href=\"https:\/\/irenedelgado.com\/web\/obras-de-arte\/gallery\/por-todos-mis-santos\" target=\"_self\">\n\t\t\t\t\t\t\t\t<img loading=\"lazy\" decoding=\"async\"  src=\"https:\/\/irenedelgado.com\/web\/wp-content\/uploads\/cache\/2017\/11\/7\/3218500800.jpg\" width=\"150\" height=\"150\" class=\"skip-lazy\" \/>\t\t\t\t\t\t\t\t\t\t\t\t\t\t\t\t<h3>Por todos mis santos\t\t\t\t\t\t\t\t\t<span>2 im\u00e1genes <\/span>\n\t\t\t\t\t\t\t\t<\/h3>\n\t\t\t\t\t\t\t<\/a>\n\t\t\t\t\t\t<\/div>\n\t\t\t\t\t<\/div>\n\t\t\t\t<\/li>\n\t\t\t\t\t\t\t\t\t<li>\n\t\t\t\t\t<div class=\"foogallery-pile\">\n\t\t\t\t\t\t<div class=\"foogallery-pile-inner\">\n\t\t\t\t\t\t\t<a href=\"https:\/\/irenedelgado.com\/web\/obras-de-arte\/gallery\/etnias\" target=\"_self\">\n\t\t\t\t\t\t\t\t<img loading=\"lazy\" decoding=\"async\"  src=\"https:\/\/irenedelgado.com\/web\/wp-content\/uploads\/cache\/2017\/11\/9\/1761105235.jpg\" width=\"150\" height=\"150\" class=\"skip-lazy\" \/>\t\t\t\t\t\t\t\t\t\t\t\t\t\t\t\t<h3>Etnias\t\t\t\t\t\t\t\t\t<span>4 im\u00e1genes <\/span>\n\t\t\t\t\t\t\t\t<\/h3>\n\t\t\t\t\t\t\t<\/a>\n\t\t\t\t\t\t<\/div>\n\t\t\t\t\t<\/div>\n\t\t\t\t<\/li>\n\t\t\t\t\t\t\t\t\t<li>\n\t\t\t\t\t<div class=\"foogallery-pile\">\n\t\t\t\t\t\t<div class=\"foogallery-pile-inner\">\n\t\t\t\t\t\t\t<a href=\"https:\/\/irenedelgado.com\/web\/obras-de-arte\/gallery\/fauna\" target=\"_self\">\n\t\t\t\t\t\t\t\t<img loading=\"lazy\" decoding=\"async\"  src=\"https:\/\/irenedelgado.com\/web\/wp-content\/uploads\/cache\/2017\/11\/13\/319346254.jpg\" width=\"150\" height=\"150\" class=\"skip-lazy\" \/>\t\t\t\t\t\t\t\t\t\t\t\t\t\t\t\t<h3>Fauna\t\t\t\t\t\t\t\t\t<span>4 im\u00e1genes <\/span>\n\t\t\t\t\t\t\t\t<\/h3>\n\t\t\t\t\t\t\t<\/a>\n\t\t\t\t\t\t<\/div>\n\t\t\t\t\t<\/div>\n\t\t\t\t<\/li>\n\t\t\t\t\t\t\t\t\t<li>\n\t\t\t\t\t<div class=\"foogallery-pile\">\n\t\t\t\t\t\t<div class=\"foogallery-pile-inner\">\n\t\t\t\t\t\t\t<a href=\"https:\/\/irenedelgado.com\/web\/obras-de-arte\/gallery\/naturaleza-y-paisajes\" target=\"_self\">\n\t\t\t\t\t\t\t\t<img loading=\"lazy\" decoding=\"async\"  src=\"https:\/\/irenedelgado.com\/web\/wp-content\/uploads\/cache\/2017\/11\/17\/3420798739.jpg\" width=\"150\" height=\"150\" class=\"skip-lazy\" \/>\t\t\t\t\t\t\t\t\t\t\t\t\t\t\t\t<h3>Naturaleza y paisajes\t\t\t\t\t\t\t\t\t<span>3 im\u00e1genes <\/span>\n\t\t\t\t\t\t\t\t<\/h3>\n\t\t\t\t\t\t\t<\/a>\n\t\t\t\t\t\t<\/div>\n\t\t\t\t\t<\/div>\n\t\t\t\t<\/li>\n\t\t\t\t\t\t\t\t\t<li>\n\t\t\t\t\t<div class=\"foogallery-pile\">\n\t\t\t\t\t\t<div class=\"foogallery-pile-inner\">\n\t\t\t\t\t\t\t<a href=\"https:\/\/irenedelgado.com\/web\/obras-de-arte\/gallery\/florales\" target=\"_self\">\n\t\t\t\t\t\t\t\t<img loading=\"lazy\" decoding=\"async\"  src=\"https:\/\/irenedelgado.com\/web\/wp-content\/uploads\/cache\/2017\/11\/20\/2863525271.jpg\" width=\"150\" height=\"150\" class=\"skip-lazy\" \/>\t\t\t\t\t\t\t\t\t\t\t\t\t\t\t\t<h3>Florales\t\t\t\t\t\t\t\t\t<span>1 imagen<\/span>\n\t\t\t\t\t\t\t\t<\/h3>\n\t\t\t\t\t\t\t<\/a>\n\t\t\t\t\t\t<\/div>\n\t\t\t\t\t<\/div>\n\t\t\t\t<\/li>\n\t\t\t\t\t\t\t\t\t<li>\n\t\t\t\t\t<div class=\"foogallery-pile\">\n\t\t\t\t\t\t<div class=\"foogallery-pile-inner\">\n\t\t\t\t\t\t\t<a href=\"https:\/\/irenedelgado.com\/web\/obras-de-arte\/gallery\/henequen\" target=\"_self\">\n\t\t\t\t\t\t\t\t<img loading=\"lazy\" decoding=\"async\"  src=\"https:\/\/irenedelgado.com\/web\/wp-content\/uploads\/cache\/2017\/11\/21\/1325899429.jpg\" width=\"150\" height=\"150\" class=\"skip-lazy\" \/>\t\t\t\t\t\t\t\t\t\t\t\t\t\t\t\t<h3>Henequ\u00e9n\t\t\t\t\t\t\t\t\t<span>3 im\u00e1genes <\/span>\n\t\t\t\t\t\t\t\t<\/h3>\n\t\t\t\t\t\t\t<\/a>\n\t\t\t\t\t\t<\/div>\n\t\t\t\t\t<\/div>\n\t\t\t\t<\/li>\n\t\t\t\t\t\t\t\t\t<li>\n\t\t\t\t\t<div class=\"foogallery-pile\">\n\t\t\t\t\t\t<div class=\"foogallery-pile-inner\">\n\t\t\t\t\t\t\t<a href=\"https:\/\/irenedelgado.com\/web\/obras-de-arte\/gallery\/sobre-carton\" target=\"_self\">\n\t\t\t\t\t\t\t\t<img loading=\"lazy\" decoding=\"async\"  src=\"https:\/\/irenedelgado.com\/web\/wp-content\/uploads\/cache\/2022\/06\/El-arbol-de-la-vida\/166473695.jpg\" width=\"150\" height=\"150\" class=\"skip-lazy\" \/>\t\t\t\t\t\t\t\t\t\t\t\t\t\t\t\t<h3>Sobre Cart\u00f3n\t\t\t\t\t\t\t\t\t<span>2 im\u00e1genes <\/span>\n\t\t\t\t\t\t\t\t<\/h3>\n\t\t\t\t\t\t\t<\/a>\n\t\t\t\t\t\t<\/div>\n\t\t\t\t\t<\/div>\n\t\t\t\t<\/li>\n\t\t\t\t\t\t<\/ul>\n\t<div style=\"clear: both;\"><\/div>\n<\/div>\n\n","protected":false},"excerpt":{"rendered":"<p>Obras de Arte Muchos han tratado de definir el t\u00e9rmino arte. Tanto arte como literatura se han prestado a muchas definiciones, inclusiones y exclusiones. Cuando en su arte po\u00e9tica, el poeta franc\u00e9s Paul Verlaine define la poes\u00eda lo hace rompiendo paradigmas. Acerca Verlaine la poes\u00eda a la m\u00fasica, la pintura, el color, las sugerencias; es [&hellip;]<\/p>\n","protected":false},"author":1,"featured_media":0,"parent":0,"menu_order":0,"comment_status":"closed","ping_status":"closed","template":"page-sidebar-right.php","meta":{"_acf_changed":false,"footnotes":""},"class_list":["post-8","page","type-page","status-publish","hentry"],"acf":[],"yoast_head":"<!-- This site is optimized with the Yoast SEO plugin v27.1.1 - https:\/\/yoast.com\/product\/yoast-seo-wordpress\/ -->\n<title>Obras de arte - Irene Delgado<\/title>\n<meta name=\"robots\" content=\"index, follow, max-snippet:-1, max-image-preview:large, max-video-preview:-1\" \/>\n<link rel=\"canonical\" href=\"https:\/\/irenedelgado.com\/web\/obras-de-arte\/\" \/>\n<meta property=\"og:locale\" content=\"es_ES\" \/>\n<meta property=\"og:type\" content=\"article\" \/>\n<meta property=\"og:title\" content=\"Obras de arte - Irene Delgado\" \/>\n<meta property=\"og:description\" content=\"Obras de Arte Muchos han tratado de definir el t\u00e9rmino arte. Tanto arte como literatura se han prestado a muchas definiciones, inclusiones y exclusiones. Cuando en su arte po\u00e9tica, el poeta franc\u00e9s Paul Verlaine define la poes\u00eda lo hace rompiendo paradigmas. Acerca Verlaine la poes\u00eda a la m\u00fasica, la pintura, el color, las sugerencias; es [&hellip;]\" \/>\n<meta property=\"og:url\" content=\"https:\/\/irenedelgado.com\/web\/obras-de-arte\/\" \/>\n<meta property=\"og:site_name\" content=\"Irene Delgado\" \/>\n<meta property=\"article:modified_time\" content=\"2017-11-13T10:49:14+00:00\" \/>\n<meta name=\"twitter:card\" content=\"summary_large_image\" \/>\n<meta name=\"twitter:label1\" content=\"Tiempo de lectura\" \/>\n\t<meta name=\"twitter:data1\" content=\"1 minuto\" \/>\n<script type=\"application\/ld+json\" class=\"yoast-schema-graph\">{\"@context\":\"https:\/\/schema.org\",\"@graph\":[{\"@type\":\"WebPage\",\"@id\":\"https:\/\/irenedelgado.com\/web\/obras-de-arte\/\",\"url\":\"https:\/\/irenedelgado.com\/web\/obras-de-arte\/\",\"name\":\"Obras de arte - Irene Delgado\",\"isPartOf\":{\"@id\":\"https:\/\/irenedelgado.com\/web\/#website\"},\"datePublished\":\"2017-11-08T02:55:05+00:00\",\"dateModified\":\"2017-11-13T10:49:14+00:00\",\"breadcrumb\":{\"@id\":\"https:\/\/irenedelgado.com\/web\/obras-de-arte\/#breadcrumb\"},\"inLanguage\":\"es\",\"potentialAction\":[{\"@type\":\"ReadAction\",\"target\":[\"https:\/\/irenedelgado.com\/web\/obras-de-arte\/\"]}]},{\"@type\":\"BreadcrumbList\",\"@id\":\"https:\/\/irenedelgado.com\/web\/obras-de-arte\/#breadcrumb\",\"itemListElement\":[{\"@type\":\"ListItem\",\"position\":1,\"name\":\"Portada\",\"item\":\"https:\/\/irenedelgado.com\/web\/\"},{\"@type\":\"ListItem\",\"position\":2,\"name\":\"Obras de arte\"}]},{\"@type\":\"WebSite\",\"@id\":\"https:\/\/irenedelgado.com\/web\/#website\",\"url\":\"https:\/\/irenedelgado.com\/web\/\",\"name\":\"Irene Delgado\",\"description\":\"\",\"potentialAction\":[{\"@type\":\"SearchAction\",\"target\":{\"@type\":\"EntryPoint\",\"urlTemplate\":\"https:\/\/irenedelgado.com\/web\/?s={search_term_string}\"},\"query-input\":{\"@type\":\"PropertyValueSpecification\",\"valueRequired\":true,\"valueName\":\"search_term_string\"}}],\"inLanguage\":\"es\"}]}<\/script>\n<!-- \/ Yoast SEO plugin. -->","yoast_head_json":{"title":"Obras de arte - Irene Delgado","robots":{"index":"index","follow":"follow","max-snippet":"max-snippet:-1","max-image-preview":"max-image-preview:large","max-video-preview":"max-video-preview:-1"},"canonical":"https:\/\/irenedelgado.com\/web\/obras-de-arte\/","og_locale":"es_ES","og_type":"article","og_title":"Obras de arte - Irene Delgado","og_description":"Obras de Arte Muchos han tratado de definir el t\u00e9rmino arte. Tanto arte como literatura se han prestado a muchas definiciones, inclusiones y exclusiones. Cuando en su arte po\u00e9tica, el poeta franc\u00e9s Paul Verlaine define la poes\u00eda lo hace rompiendo paradigmas. Acerca Verlaine la poes\u00eda a la m\u00fasica, la pintura, el color, las sugerencias; es [&hellip;]","og_url":"https:\/\/irenedelgado.com\/web\/obras-de-arte\/","og_site_name":"Irene Delgado","article_modified_time":"2017-11-13T10:49:14+00:00","twitter_card":"summary_large_image","twitter_misc":{"Tiempo de lectura":"1 minuto"},"schema":{"@context":"https:\/\/schema.org","@graph":[{"@type":"WebPage","@id":"https:\/\/irenedelgado.com\/web\/obras-de-arte\/","url":"https:\/\/irenedelgado.com\/web\/obras-de-arte\/","name":"Obras de arte - Irene Delgado","isPartOf":{"@id":"https:\/\/irenedelgado.com\/web\/#website"},"datePublished":"2017-11-08T02:55:05+00:00","dateModified":"2017-11-13T10:49:14+00:00","breadcrumb":{"@id":"https:\/\/irenedelgado.com\/web\/obras-de-arte\/#breadcrumb"},"inLanguage":"es","potentialAction":[{"@type":"ReadAction","target":["https:\/\/irenedelgado.com\/web\/obras-de-arte\/"]}]},{"@type":"BreadcrumbList","@id":"https:\/\/irenedelgado.com\/web\/obras-de-arte\/#breadcrumb","itemListElement":[{"@type":"ListItem","position":1,"name":"Portada","item":"https:\/\/irenedelgado.com\/web\/"},{"@type":"ListItem","position":2,"name":"Obras de arte"}]},{"@type":"WebSite","@id":"https:\/\/irenedelgado.com\/web\/#website","url":"https:\/\/irenedelgado.com\/web\/","name":"Irene Delgado","description":"","potentialAction":[{"@type":"SearchAction","target":{"@type":"EntryPoint","urlTemplate":"https:\/\/irenedelgado.com\/web\/?s={search_term_string}"},"query-input":{"@type":"PropertyValueSpecification","valueRequired":true,"valueName":"search_term_string"}}],"inLanguage":"es"}]}},"_links":{"self":[{"href":"https:\/\/irenedelgado.com\/web\/wp-json\/wp\/v2\/pages\/8","targetHints":{"allow":["GET"]}}],"collection":[{"href":"https:\/\/irenedelgado.com\/web\/wp-json\/wp\/v2\/pages"}],"about":[{"href":"https:\/\/irenedelgado.com\/web\/wp-json\/wp\/v2\/types\/page"}],"author":[{"embeddable":true,"href":"https:\/\/irenedelgado.com\/web\/wp-json\/wp\/v2\/users\/1"}],"replies":[{"embeddable":true,"href":"https:\/\/irenedelgado.com\/web\/wp-json\/wp\/v2\/comments?post=8"}],"version-history":[{"count":10,"href":"https:\/\/irenedelgado.com\/web\/wp-json\/wp\/v2\/pages\/8\/revisions"}],"predecessor-version":[{"id":213,"href":"https:\/\/irenedelgado.com\/web\/wp-json\/wp\/v2\/pages\/8\/revisions\/213"}],"wp:attachment":[{"href":"https:\/\/irenedelgado.com\/web\/wp-json\/wp\/v2\/media?parent=8"}],"curies":[{"name":"wp","href":"https:\/\/api.w.org\/{rel}","templated":true}]}}