{"id":12,"date":"2017-11-08T02:55:44","date_gmt":"2017-11-08T02:55:44","guid":{"rendered":"http:\/\/irenedelgado.com\/web\/?page_id=12"},"modified":"2017-11-09T19:11:44","modified_gmt":"2017-11-09T19:11:44","slug":"la-providencia","status":"publish","type":"page","link":"https:\/\/irenedelgado.com\/web\/la-providencia\/","title":{"rendered":"La Providencia"},"content":{"rendered":"<h1 class=\"titulo-seccion\">La Providencia<\/h1>\n<h2><strong>\u00bfQui\u00e9nes somos?<\/strong><\/h2>\n<p>Una organizaci\u00f3n no gubernamental sin \u00e1nimo de lucro, con Personer\u00eda Jur\u00eddica reconocida y debidamente inscrita en el Registro P\u00fablico de Panam\u00e1.<\/p>\n<p>Un grupo de ciudadanos que nos hemos unidos para realizar actividades para la conformaci\u00f3n de grupos, con comisiones vecinales, grupos de j\u00f3venes, y otras organizaciones que deseen trabajar y contribuir al mejoramiento de la calidad de vida de sectores econ\u00f3micamente desfavorecidos.<\/p>\n<h2>Misi\u00f3n y Visi\u00f3n<\/h2>\n<ul class=\"lista\">\n<li>Trabajar para la inclusi\u00f3n social, educativa, pol\u00edtica y econ\u00f3mica de aquel ciudadano con menos oportunidades.<\/li>\n<li>Construir una fundaci\u00f3n con liderazgo nacional por su gesti\u00f3n comunitaria basada en la promoci\u00f3n y desarrollo de procesos auto sostenibles.<\/li>\n<li>Aportar a la construcci\u00f3n de un proyecto nacional de consolidaci\u00f3n y construcci\u00f3n de redes con la sociedad civil y otros sectores con vocaci\u00f3n similar y compartida.<\/li>\n<li>Desarrollar metodolog\u00edas y propuestas como contribuci\u00f3n al mejoramiento de la calidad de vida de sectores econ\u00f3micamente desfavorecidas.<\/li>\n<\/ul>\n<h2>Objetivo General<\/h2>\n<ul class=\"lista\">\n<li>La atenci\u00f3n integral al ni\u00f1o, la familia y la comunidad.<\/li>\n<li>Identificar, perfeccionar y difundir un Modelo de Gesti\u00f3n de Acceso Comunitario autosustentable, para sectores marginales y de reinserci\u00f3n social.<\/li>\n<\/ul>\n<h2>Objetivos\u00a0Espec\u00edficos<\/h2>\n<ul class=\"lista\">\n<li>Propiciar gestiones por la propia comunidad para dar soluci\u00f3n a sus problemas.<\/li>\n<li>Coordinar entre el Estado, la comunidad y otros organismos no gubernamentales soluciones integrales.<\/li>\n<li>Participaci\u00f3n activa y organizada de la comunidad que favorezcan las relaciones b\u00e1sicas entre sus padres, sus hijos y la comunidad.<\/li>\n<li>Desarrollar modelos administrativos participativos que permitan adaptar y manejar en forma m\u00e1s eficiente los proyectos dirigidos al ni\u00f1o, la familia y la comunidad.<\/li>\n<\/ul>\n<h2>Plan de Trabajo<\/h2>\n<ul class=\"lista\">\n<li>Creada por un grupo de personas que han conocido la labor social en el desempe\u00f1o de sus labores hacia la comunidad paname\u00f1a, en la cual desean manifestar su calidad humana a trav\u00e9s de acciones de beneficencia y de ayuda humanitaria.<\/li>\n<li>Desarrollar actividades tendientes a buscar recursos auto generadores o de aportaci\u00f3n externa que brinden soporte econ\u00f3mico.<\/li>\n<li>Aporte de ideas y el recurso semilla, estimular el dise\u00f1o y la creaci\u00f3n de planes sostenibles tendientes a buscar soluciones\u00a0 integrales como en la educaci\u00f3n, desnutrici\u00f3n y pobreza extrema.<\/li>\n<\/ul>\n<hr \/>\n<h2>Actividades<\/h2>\n<style type=\"text\/css\">.foogallery-album-gallery-list .foogallery-pile h3 { background: #fff !important; }.foogallery-album-gallery-list .foogallery-pile h3 { color: #000000 !important; }<\/style><div id=\"foogallery-album-124\">\n\t<ul class=\"foogallery-album-gallery-list alignment-left\">\n\t\t\t\t\t\t<li>\n\t\t\t\t\t<div class=\"foogallery-pile\">\n\t\t\t\t\t\t<div class=\"foogallery-pile-inner\">\n\t\t\t\t\t\t\t<a href=\"https:\/\/irenedelgado.com\/web\/la-providencia\/gallery\/reconocimiento-por-el-aporte-al-patriminio-cultural-y-valioso-legado-a-nuestras-tradiciones-y-folklore\" target=\"_self\">\n\t\t\t\t\t\t\t\t<img loading=\"lazy\" decoding=\"async\"  src=\"https:\/\/irenedelgado.com\/web\/wp-content\/uploads\/cache\/2023\/06\/reconocimiento\/3492287775.jpg\" width=\"150\" height=\"150\" class=\"skip-lazy\" \/>\t\t\t\t\t\t\t\t\t\t\t\t\t\t\t\t<h3>Reconocimiento por el aporte al patriminio cultural y valioso legado a nuestras tradiciones y folklore\t\t\t\t\t\t\t\t\t<span>1 imagen<\/span>\n\t\t\t\t\t\t\t\t<\/h3>\n\t\t\t\t\t\t\t<\/a>\n\t\t\t\t\t\t<\/div>\n\t\t\t\t\t<\/div>\n\t\t\t\t<\/li>\n\t\t\t\t\t\t\t\t\t<li>\n\t\t\t\t\t<div class=\"foogallery-pile\">\n\t\t\t\t\t\t<div class=\"foogallery-pile-inner\">\n\t\t\t\t\t\t\t<a href=\"https:\/\/irenedelgado.com\/web\/la-providencia\/gallery\/grupo-chepo-proyeccion-y-cultura-participando-en-activdad-cultural-y-folcklorica-en-parita\" target=\"_self\">\n\t\t\t\t\t\t\t\t<img loading=\"lazy\" decoding=\"async\"  src=\"https:\/\/irenedelgado.com\/web\/wp-content\/uploads\/cache\/2022\/07\/1657029427300\/3803655999.jpg\" width=\"150\" height=\"150\" class=\"skip-lazy\" \/>\t\t\t\t\t\t\t\t\t\t\t\t\t\t\t\t<h3>Grupo Chepo - Proyecci\u00f3n y Cultura participando en activdad cultural y folcklorica en Parita\t\t\t\t\t\t\t\t\t<span>5 im\u00e1genes <\/span>\n\t\t\t\t\t\t\t\t<\/h3>\n\t\t\t\t\t\t\t<\/a>\n\t\t\t\t\t\t<\/div>\n\t\t\t\t\t<\/div>\n\t\t\t\t<\/li>\n\t\t\t\t\t\t\t\t\t<li>\n\t\t\t\t\t<div class=\"foogallery-pile\">\n\t\t\t\t\t\t<div class=\"foogallery-pile-inner\">\n\t\t\t\t\t\t\t<a href=\"https:\/\/irenedelgado.com\/web\/la-providencia\/gallery\/convivio-congo\" target=\"_self\">\n\t\t\t\t\t\t\t\t<img loading=\"lazy\" decoding=\"async\"  src=\"https:\/\/irenedelgado.com\/web\/wp-content\/uploads\/cache\/2022\/06\/WhatsApp-Image-2022-06-04-at-12_39_59-PM-1\/2418461654.jpeg\" width=\"150\" height=\"150\" class=\"skip-lazy\" \/>\t\t\t\t\t\t\t\t\t\t\t\t\t\t\t\t<h3>Convivio Congo\t\t\t\t\t\t\t\t\t<span>8 im\u00e1genes <\/span>\n\t\t\t\t\t\t\t\t<\/h3>\n\t\t\t\t\t\t\t<\/a>\n\t\t\t\t\t\t<\/div>\n\t\t\t\t\t<\/div>\n\t\t\t\t<\/li>\n\t\t\t\t\t\t\t\t\t<li>\n\t\t\t\t\t<div class=\"foogallery-pile\">\n\t\t\t\t\t\t<div class=\"foogallery-pile-inner\">\n\t\t\t\t\t\t\t<a href=\"https:\/\/irenedelgado.com\/web\/la-providencia\/gallery\/actividades-varios\" target=\"_self\">\n\t\t\t\t\t\t\t\t<img loading=\"lazy\" decoding=\"async\"  src=\"https:\/\/irenedelgado.com\/web\/wp-content\/uploads\/cache\/2017\/11\/40\/1228476229.jpg\" width=\"150\" height=\"150\" class=\"skip-lazy\" \/>\t\t\t\t\t\t\t\t\t\t\t\t\t\t\t\t<h3>Actividades varios\t\t\t\t\t\t\t\t\t<span>6 im\u00e1genes <\/span>\n\t\t\t\t\t\t\t\t<\/h3>\n\t\t\t\t\t\t\t<\/a>\n\t\t\t\t\t\t<\/div>\n\t\t\t\t\t<\/div>\n\t\t\t\t<\/li>\n\t\t\t\t\t\t\t\t\t<li>\n\t\t\t\t\t<div class=\"foogallery-pile\">\n\t\t\t\t\t\t<div class=\"foogallery-pile-inner\">\n\t\t\t\t\t\t\t<a href=\"https:\/\/irenedelgado.com\/web\/la-providencia\/gallery\/orquesta-de-camara\" target=\"_self\">\n\t\t\t\t\t\t\t\t<img loading=\"lazy\" decoding=\"async\"  src=\"https:\/\/irenedelgado.com\/web\/wp-content\/uploads\/cache\/2017\/11\/34\/2855776787.jpg\" width=\"150\" height=\"150\" class=\"skip-lazy\" \/>\t\t\t\t\t\t\t\t\t\t\t\t\t\t\t\t<h3>Orquesta de c\u00e1mara\t\t\t\t\t\t\t\t\t<span>6 im\u00e1genes <\/span>\n\t\t\t\t\t\t\t\t<\/h3>\n\t\t\t\t\t\t\t<\/a>\n\t\t\t\t\t\t<\/div>\n\t\t\t\t\t<\/div>\n\t\t\t\t<\/li>\n\t\t\t\t\t\t\t\t\t<li>\n\t\t\t\t\t<div class=\"foogallery-pile\">\n\t\t\t\t\t\t<div class=\"foogallery-pile-inner\">\n\t\t\t\t\t\t\t<a href=\"https:\/\/irenedelgado.com\/web\/la-providencia\/gallery\/cursos-de-verano\" target=\"_self\">\n\t\t\t\t\t\t\t\t<img loading=\"lazy\" decoding=\"async\"  src=\"https:\/\/irenedelgado.com\/web\/wp-content\/uploads\/cache\/2017\/11\/24\/2668518252.jpg\" width=\"150\" height=\"150\" class=\"skip-lazy\" \/>\t\t\t\t\t\t\t\t\t\t\t\t\t\t\t\t<h3>Cursos de verano\t\t\t\t\t\t\t\t\t<span>10 im\u00e1genes <\/span>\n\t\t\t\t\t\t\t\t<\/h3>\n\t\t\t\t\t\t\t<\/a>\n\t\t\t\t\t\t<\/div>\n\t\t\t\t\t<\/div>\n\t\t\t\t<\/li>\n\t\t\t\t\t\t\t\t\t<li>\n\t\t\t\t\t<div class=\"foogallery-pile\">\n\t\t\t\t\t\t<div class=\"foogallery-pile-inner\">\n\t\t\t\t\t\t\t<a href=\"https:\/\/irenedelgado.com\/web\/la-providencia\/gallery\/casa-la-cultura\" target=\"_self\">\n\t\t\t\t\t\t\t\t<img loading=\"lazy\" decoding=\"async\"  src=\"https:\/\/irenedelgado.com\/web\/wp-content\/uploads\/cache\/2017\/11\/21-1\/288443496.jpg\" width=\"150\" height=\"150\" class=\"skip-lazy\" \/>\t\t\t\t\t\t\t\t\t\t\t\t\t\t\t\t<h3>Casa de la Cultura\t\t\t\t\t\t\t\t\t<span>3 im\u00e1genes <\/span>\n\t\t\t\t\t\t\t\t<\/h3>\n\t\t\t\t\t\t\t<\/a>\n\t\t\t\t\t\t<\/div>\n\t\t\t\t\t<\/div>\n\t\t\t\t<\/li>\n\t\t\t\t\t\t\t\t\t<li>\n\t\t\t\t\t<div class=\"foogallery-pile\">\n\t\t\t\t\t\t<div class=\"foogallery-pile-inner\">\n\t\t\t\t\t\t\t<a href=\"https:\/\/irenedelgado.com\/web\/la-providencia\/gallery\/rescate-de-tradiciones\" target=\"_self\">\n\t\t\t\t\t\t\t\t<img loading=\"lazy\" decoding=\"async\"  src=\"https:\/\/irenedelgado.com\/web\/wp-content\/uploads\/cache\/2017\/11\/16-1\/1278968987.jpg\" width=\"150\" height=\"150\" class=\"skip-lazy\" \/>\t\t\t\t\t\t\t\t\t\t\t\t\t\t\t\t<h3>Rescate de tradiciones\t\t\t\t\t\t\t\t\t<span>5 im\u00e1genes <\/span>\n\t\t\t\t\t\t\t\t<\/h3>\n\t\t\t\t\t\t\t<\/a>\n\t\t\t\t\t\t<\/div>\n\t\t\t\t\t<\/div>\n\t\t\t\t<\/li>\n\t\t\t\t\t\t\t\t\t<li>\n\t\t\t\t\t<div class=\"foogallery-pile\">\n\t\t\t\t\t\t<div class=\"foogallery-pile-inner\">\n\t\t\t\t\t\t\t<a href=\"https:\/\/irenedelgado.com\/web\/la-providencia\/gallery\/ballet-clasico\" target=\"_self\">\n\t\t\t\t\t\t\t\t<img loading=\"lazy\" decoding=\"async\"  src=\"https:\/\/irenedelgado.com\/web\/wp-content\/uploads\/cache\/2017\/11\/12-1\/3436523533.jpg\" width=\"150\" height=\"150\" class=\"skip-lazy\" \/>\t\t\t\t\t\t\t\t\t\t\t\t\t\t\t\t<h3>Ballet cl\u00e1sico\t\t\t\t\t\t\t\t\t<span>4 im\u00e1genes <\/span>\n\t\t\t\t\t\t\t\t<\/h3>\n\t\t\t\t\t\t\t<\/a>\n\t\t\t\t\t\t<\/div>\n\t\t\t\t\t<\/div>\n\t\t\t\t<\/li>\n\t\t\t\t\t\t\t\t\t<li>\n\t\t\t\t\t<div class=\"foogallery-pile\">\n\t\t\t\t\t\t<div class=\"foogallery-pile-inner\">\n\t\t\t\t\t\t\t<a href=\"https:\/\/irenedelgado.com\/web\/la-providencia\/gallery\/artesanias-embera\" target=\"_self\">\n\t\t\t\t\t\t\t\t<img loading=\"lazy\" decoding=\"async\"  src=\"https:\/\/irenedelgado.com\/web\/wp-content\/uploads\/cache\/2017\/11\/10-1\/861309575.jpg\" width=\"150\" height=\"150\" class=\"skip-lazy\" \/>\t\t\t\t\t\t\t\t\t\t\t\t\t\t\t\t<h3>Artesan\u00edas Ember\u00e1\t\t\t\t\t\t\t\t\t<span>2 im\u00e1genes <\/span>\n\t\t\t\t\t\t\t\t<\/h3>\n\t\t\t\t\t\t\t<\/a>\n\t\t\t\t\t\t<\/div>\n\t\t\t\t\t<\/div>\n\t\t\t\t<\/li>\n\t\t\t\t\t\t\t\t\t<li>\n\t\t\t\t\t<div class=\"foogallery-pile\">\n\t\t\t\t\t\t<div class=\"foogallery-pile-inner\">\n\t\t\t\t\t\t\t<a href=\"https:\/\/irenedelgado.com\/web\/la-providencia\/gallery\/arte-del-barrio\" target=\"_self\">\n\t\t\t\t\t\t\t\t<img loading=\"lazy\" decoding=\"async\"  src=\"https:\/\/irenedelgado.com\/web\/wp-content\/uploads\/cache\/2017\/11\/7-1\/2793970855.jpg\" width=\"150\" height=\"150\" class=\"skip-lazy\" \/>\t\t\t\t\t\t\t\t\t\t\t\t\t\t\t\t<h3>Arte del barrio\t\t\t\t\t\t\t\t\t<span>3 im\u00e1genes <\/span>\n\t\t\t\t\t\t\t\t<\/h3>\n\t\t\t\t\t\t\t<\/a>\n\t\t\t\t\t\t<\/div>\n\t\t\t\t\t<\/div>\n\t\t\t\t<\/li>\n\t\t\t\t\t\t\t\t\t<li>\n\t\t\t\t\t<div class=\"foogallery-pile\">\n\t\t\t\t\t\t<div class=\"foogallery-pile-inner\">\n\t\t\t\t\t\t\t<a href=\"https:\/\/irenedelgado.com\/web\/la-providencia\/gallery\/arte-la-calle\" target=\"_self\">\n\t\t\t\t\t\t\t\t<img loading=\"lazy\" decoding=\"async\"  src=\"https:\/\/irenedelgado.com\/web\/wp-content\/uploads\/cache\/2017\/11\/1-1\/4208551649.jpg\" width=\"150\" height=\"150\" class=\"skip-lazy\" \/>\t\t\t\t\t\t\t\t\t\t\t\t\t\t\t\t<h3>Arte en la calle\t\t\t\t\t\t\t\t\t<span>6 im\u00e1genes <\/span>\n\t\t\t\t\t\t\t\t<\/h3>\n\t\t\t\t\t\t\t<\/a>\n\t\t\t\t\t\t<\/div>\n\t\t\t\t\t<\/div>\n\t\t\t\t<\/li>\n\t\t\t\t\t\t<\/ul>\n\t<div style=\"clear: both;\"><\/div>\n<\/div>\n\n","protected":false},"excerpt":{"rendered":"<p>La Providencia \u00bfQui\u00e9nes somos? Una organizaci\u00f3n no gubernamental sin \u00e1nimo de lucro, con Personer\u00eda Jur\u00eddica reconocida y debidamente inscrita en el Registro P\u00fablico de Panam\u00e1. Un grupo de ciudadanos que nos hemos unidos para realizar actividades para la conformaci\u00f3n de grupos, con comisiones vecinales, grupos de j\u00f3venes, y otras organizaciones que deseen trabajar y contribuir [&hellip;]<\/p>\n","protected":false},"author":1,"featured_media":0,"parent":0,"menu_order":0,"comment_status":"closed","ping_status":"closed","template":"page-sidebar-right.php","meta":{"_acf_changed":false,"footnotes":""},"class_list":["post-12","page","type-page","status-publish","hentry"],"acf":[],"yoast_head":"<!-- This site is optimized with the Yoast SEO plugin v27.1.1 - https:\/\/yoast.com\/product\/yoast-seo-wordpress\/ -->\n<title>La Providencia - Irene Delgado<\/title>\n<meta name=\"robots\" content=\"index, follow, max-snippet:-1, max-image-preview:large, max-video-preview:-1\" \/>\n<link rel=\"canonical\" href=\"https:\/\/irenedelgado.com\/web\/la-providencia\/\" \/>\n<meta property=\"og:locale\" content=\"es_ES\" \/>\n<meta property=\"og:type\" content=\"article\" \/>\n<meta property=\"og:title\" content=\"La Providencia - Irene Delgado\" \/>\n<meta property=\"og:description\" content=\"La Providencia \u00bfQui\u00e9nes somos? Una organizaci\u00f3n no gubernamental sin \u00e1nimo de lucro, con Personer\u00eda Jur\u00eddica reconocida y debidamente inscrita en el Registro P\u00fablico de Panam\u00e1. Un grupo de ciudadanos que nos hemos unidos para realizar actividades para la conformaci\u00f3n de grupos, con comisiones vecinales, grupos de j\u00f3venes, y otras organizaciones que deseen trabajar y contribuir [&hellip;]\" \/>\n<meta property=\"og:url\" content=\"https:\/\/irenedelgado.com\/web\/la-providencia\/\" \/>\n<meta property=\"og:site_name\" content=\"Irene Delgado\" \/>\n<meta property=\"article:modified_time\" content=\"2017-11-09T19:11:44+00:00\" \/>\n<meta name=\"twitter:card\" content=\"summary_large_image\" \/>\n<meta name=\"twitter:label1\" content=\"Tiempo de lectura\" \/>\n\t<meta name=\"twitter:data1\" content=\"2 minutos\" \/>\n<script type=\"application\/ld+json\" class=\"yoast-schema-graph\">{\"@context\":\"https:\/\/schema.org\",\"@graph\":[{\"@type\":\"WebPage\",\"@id\":\"https:\/\/irenedelgado.com\/web\/la-providencia\/\",\"url\":\"https:\/\/irenedelgado.com\/web\/la-providencia\/\",\"name\":\"La Providencia - Irene Delgado\",\"isPartOf\":{\"@id\":\"https:\/\/irenedelgado.com\/web\/#website\"},\"datePublished\":\"2017-11-08T02:55:44+00:00\",\"dateModified\":\"2017-11-09T19:11:44+00:00\",\"breadcrumb\":{\"@id\":\"https:\/\/irenedelgado.com\/web\/la-providencia\/#breadcrumb\"},\"inLanguage\":\"es\",\"potentialAction\":[{\"@type\":\"ReadAction\",\"target\":[\"https:\/\/irenedelgado.com\/web\/la-providencia\/\"]}]},{\"@type\":\"BreadcrumbList\",\"@id\":\"https:\/\/irenedelgado.com\/web\/la-providencia\/#breadcrumb\",\"itemListElement\":[{\"@type\":\"ListItem\",\"position\":1,\"name\":\"Portada\",\"item\":\"https:\/\/irenedelgado.com\/web\/\"},{\"@type\":\"ListItem\",\"position\":2,\"name\":\"La Providencia\"}]},{\"@type\":\"WebSite\",\"@id\":\"https:\/\/irenedelgado.com\/web\/#website\",\"url\":\"https:\/\/irenedelgado.com\/web\/\",\"name\":\"Irene Delgado\",\"description\":\"\",\"potentialAction\":[{\"@type\":\"SearchAction\",\"target\":{\"@type\":\"EntryPoint\",\"urlTemplate\":\"https:\/\/irenedelgado.com\/web\/?s={search_term_string}\"},\"query-input\":{\"@type\":\"PropertyValueSpecification\",\"valueRequired\":true,\"valueName\":\"search_term_string\"}}],\"inLanguage\":\"es\"}]}<\/script>\n<!-- \/ Yoast SEO plugin. -->","yoast_head_json":{"title":"La Providencia - Irene Delgado","robots":{"index":"index","follow":"follow","max-snippet":"max-snippet:-1","max-image-preview":"max-image-preview:large","max-video-preview":"max-video-preview:-1"},"canonical":"https:\/\/irenedelgado.com\/web\/la-providencia\/","og_locale":"es_ES","og_type":"article","og_title":"La Providencia - Irene Delgado","og_description":"La Providencia \u00bfQui\u00e9nes somos? Una organizaci\u00f3n no gubernamental sin \u00e1nimo de lucro, con Personer\u00eda Jur\u00eddica reconocida y debidamente inscrita en el Registro P\u00fablico de Panam\u00e1. Un grupo de ciudadanos que nos hemos unidos para realizar actividades para la conformaci\u00f3n de grupos, con comisiones vecinales, grupos de j\u00f3venes, y otras organizaciones que deseen trabajar y contribuir [&hellip;]","og_url":"https:\/\/irenedelgado.com\/web\/la-providencia\/","og_site_name":"Irene Delgado","article_modified_time":"2017-11-09T19:11:44+00:00","twitter_card":"summary_large_image","twitter_misc":{"Tiempo de lectura":"2 minutos"},"schema":{"@context":"https:\/\/schema.org","@graph":[{"@type":"WebPage","@id":"https:\/\/irenedelgado.com\/web\/la-providencia\/","url":"https:\/\/irenedelgado.com\/web\/la-providencia\/","name":"La Providencia - Irene Delgado","isPartOf":{"@id":"https:\/\/irenedelgado.com\/web\/#website"},"datePublished":"2017-11-08T02:55:44+00:00","dateModified":"2017-11-09T19:11:44+00:00","breadcrumb":{"@id":"https:\/\/irenedelgado.com\/web\/la-providencia\/#breadcrumb"},"inLanguage":"es","potentialAction":[{"@type":"ReadAction","target":["https:\/\/irenedelgado.com\/web\/la-providencia\/"]}]},{"@type":"BreadcrumbList","@id":"https:\/\/irenedelgado.com\/web\/la-providencia\/#breadcrumb","itemListElement":[{"@type":"ListItem","position":1,"name":"Portada","item":"https:\/\/irenedelgado.com\/web\/"},{"@type":"ListItem","position":2,"name":"La Providencia"}]},{"@type":"WebSite","@id":"https:\/\/irenedelgado.com\/web\/#website","url":"https:\/\/irenedelgado.com\/web\/","name":"Irene Delgado","description":"","potentialAction":[{"@type":"SearchAction","target":{"@type":"EntryPoint","urlTemplate":"https:\/\/irenedelgado.com\/web\/?s={search_term_string}"},"query-input":{"@type":"PropertyValueSpecification","valueRequired":true,"valueName":"search_term_string"}}],"inLanguage":"es"}]}},"_links":{"self":[{"href":"https:\/\/irenedelgado.com\/web\/wp-json\/wp\/v2\/pages\/12","targetHints":{"allow":["GET"]}}],"collection":[{"href":"https:\/\/irenedelgado.com\/web\/wp-json\/wp\/v2\/pages"}],"about":[{"href":"https:\/\/irenedelgado.com\/web\/wp-json\/wp\/v2\/types\/page"}],"author":[{"embeddable":true,"href":"https:\/\/irenedelgado.com\/web\/wp-json\/wp\/v2\/users\/1"}],"replies":[{"embeddable":true,"href":"https:\/\/irenedelgado.com\/web\/wp-json\/wp\/v2\/comments?post=12"}],"version-history":[{"count":10,"href":"https:\/\/irenedelgado.com\/web\/wp-json\/wp\/v2\/pages\/12\/revisions"}],"predecessor-version":[{"id":203,"href":"https:\/\/irenedelgado.com\/web\/wp-json\/wp\/v2\/pages\/12\/revisions\/203"}],"wp:attachment":[{"href":"https:\/\/irenedelgado.com\/web\/wp-json\/wp\/v2\/media?parent=12"}],"curies":[{"name":"wp","href":"https:\/\/api.w.org\/{rel}","templated":true}]}}